{"id":6689,"date":"2018-11-23T22:54:18","date_gmt":"2018-11-23T21:54:18","guid":{"rendered":"https:\/\/francas-paca.fr\/francas04\/atec-association-denfants-citoyens\/"},"modified":"2019-04-01T15:59:25","modified_gmt":"2019-04-01T13:59:25","slug":"atec-association-denfants-citoyens","status":"publish","type":"page","link":"https:\/\/francas-paca.fr\/francas84\/atec-association-denfants-citoyens\/","title":{"rendered":"ATEC (Association d&rsquo;enfants citoyens)"},"content":{"rendered":"[vc_row type=\u00a0\u00bbfull_width_background\u00a0\u00bb full_screen_row_position=\u00a0\u00bbmiddle\u00a0\u00bb bg_image=\u00a0\u00bb7564&Prime; bg_position=\u00a0\u00bbcenter center\u00a0\u00bb bg_repeat=\u00a0\u00bbno-repeat\u00a0\u00bb scene_position=\u00a0\u00bbcenter\u00a0\u00bb text_color=\u00a0\u00bblight\u00a0\u00bb text_align=\u00a0\u00bbleft\u00a0\u00bb top_padding=\u00a0\u00bb6%\u00a0\u00bb bottom_padding=\u00a0\u00bb3%\u00a0\u00bb enable_gradient=\u00a0\u00bbtrue\u00a0\u00bb color_overlay=\u00a0\u00bb#e84f13&Prime; color_overlay_2=\u00a0\u00bb#ffd500&Prime; gradient_direction=\u00a0\u00bbleft_to_right\u00a0\u00bb overlay_strength=\u00a0\u00bb0.8&Prime; enable_shape_divider=\u00a0\u00bbtrue\u00a0\u00bb shape_divider_position=\u00a0\u00bbbottom\u00a0\u00bb shape_divider_height=\u00a0\u00bb90&Prime; bg_image_animation=\u00a0\u00bbnone\u00a0\u00bb parallax_bg=\u00a0\u00bbtrue\u00a0\u00bb parallax_bg_speed=\u00a0\u00bbfast\u00a0\u00bb shape_type=\u00a0\u00bbcurve_opacity\u00a0\u00bb][vc_column column_padding=\u00a0\u00bbpadding-5-percent\u00a0\u00bb column_padding_position=\u00a0\u00bbtop\u00a0\u00bb background_color_opacity=\u00a0\u00bb1&Prime; background_hover_color_opacity=\u00a0\u00bb1&Prime; column_link_target=\u00a0\u00bb_self\u00a0\u00bb column_shadow=\u00a0\u00bbnone\u00a0\u00bb column_border_radius=\u00a0\u00bbnone\u00a0\u00bb width=\u00a0\u00bb5\/6&Prime; tablet_width_inherit=\u00a0\u00bbdefault\u00a0\u00bb tablet_text_alignment=\u00a0\u00bbdefault\u00a0\u00bb phone_text_alignment=\u00a0\u00bbdefault\u00a0\u00bb column_border_width=\u00a0\u00bbnone\u00a0\u00bb column_border_style=\u00a0\u00bbsolid\u00a0\u00bb bg_image_animation=\u00a0\u00bbnone\u00a0\u00bb][divider line_type=\u00a0\u00bbNo Line\u00a0\u00bb custom_height=\u00a0\u00bb50&Prime;][image_with_animation image_url=\u00a0\u00bb7057&Prime; alignment=\u00a0\u00bb\u00a0\u00bb animation=\u00a0\u00bbNone\u00a0\u00bb border_radius=\u00a0\u00bbnone\u00a0\u00bb box_shadow=\u00a0\u00bbnone\u00a0\u00bb max_width=\u00a0\u00bb50%\u00a0\u00bb margin_left=\u00a0\u00bb-20&Prime;][divider line_type=\u00a0\u00bbNo Line\u00a0\u00bb custom_height=\u00a0\u00bb20&Prime;][vc_column_text]\n<h2>Associations temporaires d&rsquo;enfants citoyens<\/h2>\n[\/vc_column_text][divider line_type=\u00a0\u00bbNo Line\u00a0\u00bb custom_height=\u00a0\u00bb10&Prime;][nectar_animated_title heading_tag=\u00a0\u00bbh3&Prime; style=\u00a0\u00bbhinge-drop\u00a0\u00bb color=\u00a0\u00bbExtra-Color-3&Prime; text=\u00a0\u00bbDes jeunes s&rsquo;organisent pour monter leurs propres projets\u00a0\u00bb][vc_column_text]\n<h4>Une ATEC est un espace \u00e9ducatif qui permet aux enfants et aux adolescent\u00b7e\u00b7s de vivre leur propre exp\u00e9rience sociale et d\u00e9mocratique, d\u2019exercer leurs droits de participation, d\u2019association, d\u2019information, d\u2019expression et de cr\u00e9er leurs propres r\u00e8gles de coop\u00e9ration, d\u2019administration et de gestion&#8230;<\/h4>\n[\/vc_column_text][divider line_type=\u00a0\u00bbNo Line\u00a0\u00bb custom_height=\u00a0\u00bb20&Prime;][\/vc_column][vc_column centered_text=\u00a0\u00bbtrue\u00a0\u00bb column_padding=\u00a0\u00bbpadding-10-percent\u00a0\u00bb column_padding_position=\u00a0\u00bbtop-bottom\u00a0\u00bb background_color_opacity=\u00a0\u00bb1&Prime; background_hover_color_opacity=\u00a0\u00bb1&Prime; column_link_target=\u00a0\u00bb_self\u00a0\u00bb column_shadow=\u00a0\u00bbnone\u00a0\u00bb column_border_radius=\u00a0\u00bbnone\u00a0\u00bb width=\u00a0\u00bb1\/6&Prime; tablet_width_inherit=\u00a0\u00bbdefault\u00a0\u00bb tablet_text_alignment=\u00a0\u00bbdefault\u00a0\u00bb phone_text_alignment=\u00a0\u00bbdefault\u00a0\u00bb column_border_width=\u00a0\u00bbnone\u00a0\u00bb column_border_style=\u00a0\u00bbsolid\u00a0\u00bb bg_image_animation=\u00a0\u00bbnone\u00a0\u00bb][\/vc_column][\/vc_row][vc_row type=\u00a0\u00bbin_container\u00a0\u00bb full_screen_row_position=\u00a0\u00bbmiddle\u00a0\u00bb scene_position=\u00a0\u00bbcenter\u00a0\u00bb text_color=\u00a0\u00bbdark\u00a0\u00bb text_align=\u00a0\u00bbleft\u00a0\u00bb overlay_strength=\u00a0\u00bb0.3&Prime; shape_divider_position=\u00a0\u00bbbottom\u00a0\u00bb bg_image_animation=\u00a0\u00bbnone\u00a0\u00bb][vc_column column_padding=\u00a0\u00bbno-extra-padding\u00a0\u00bb column_padding_position=\u00a0\u00bball\u00a0\u00bb background_color_opacity=\u00a0\u00bb1&Prime; background_hover_color_opacity=\u00a0\u00bb1&Prime; column_link_target=\u00a0\u00bb_self\u00a0\u00bb column_shadow=\u00a0\u00bbnone\u00a0\u00bb column_border_radius=\u00a0\u00bbnone\u00a0\u00bb width=\u00a0\u00bb1\/1&Prime; tablet_width_inherit=\u00a0\u00bbdefault\u00a0\u00bb tablet_text_alignment=\u00a0\u00bbdefault\u00a0\u00bb phone_text_alignment=\u00a0\u00bbdefault\u00a0\u00bb column_border_width=\u00a0\u00bbnone\u00a0\u00bb column_border_style=\u00a0\u00bbsolid\u00a0\u00bb bg_image_animation=\u00a0\u00bbnone\u00a0\u00bb][divider line_type=\u00a0\u00bbNo Line\u00a0\u00bb custom_height=\u00a0\u00bb30&Prime;][heading]Cr\u00e9ez une ATEC ![\/heading][\/vc_column][\/vc_row][vc_row type=\u00a0\u00bbin_container\u00a0\u00bb full_screen_row_position=\u00a0\u00bbmiddle\u00a0\u00bb scene_position=\u00a0\u00bbcenter\u00a0\u00bb text_color=\u00a0\u00bbdark\u00a0\u00bb text_align=\u00a0\u00bbleft\u00a0\u00bb overlay_strength=\u00a0\u00bb0.3&Prime; shape_divider_position=\u00a0\u00bbbottom\u00a0\u00bb bg_image_animation=\u00a0\u00bbnone\u00a0\u00bb][vc_column column_padding=\u00a0\u00bbno-extra-padding\u00a0\u00bb column_padding_position=\u00a0\u00bball\u00a0\u00bb background_color_opacity=\u00a0\u00bb1&Prime; background_hover_color_opacity=\u00a0\u00bb1&Prime; column_link_target=\u00a0\u00bb_self\u00a0\u00bb column_shadow=\u00a0\u00bbnone\u00a0\u00bb column_border_radius=\u00a0\u00bbnone\u00a0\u00bb width=\u00a0\u00bb7\/12&Prime; tablet_width_inherit=\u00a0\u00bbdefault\u00a0\u00bb tablet_text_alignment=\u00a0\u00bbdefault\u00a0\u00bb phone_text_alignment=\u00a0\u00bbdefault\u00a0\u00bb column_border_width=\u00a0\u00bbnone\u00a0\u00bb column_border_style=\u00a0\u00bbsolid\u00a0\u00bb bg_image_animation=\u00a0\u00bbnone\u00a0\u00bb]<div class=\"iwithtext\"><div class=\"iwt-icon\"> <i class=\"icon-default-style fa fa-check accent-color\"><\/i> <\/div><div class=\"iwt-text\"> \n<h3>ATEC, un projet associatif d\u2019enfants et d\u2019adolescents<\/h3>\n<p>Les enfants ou les adolescents \u00e9laborent et vivent un projet associatif temporaire. Ce projet associatif est constitu\u00e9 de deux projets : le projet d\u2019action et le projet d\u2019association.<\/p>\n<ul>\n<li><strong>Le projet d\u2019action est l\u2019objet de l\u2019ATEC<\/strong>. C\u2019est ce projet qui a conduit les enfants et les adolescents \u00e0 se constituer en ATEC. Ce projet d\u2019action se traduit en une ou plusieurs activit\u00e9(s) d\u00e9cid\u00e9e(s) et \u00e9labor\u00e9e(s) ensemble, et men\u00e9e(s) par les enfants et les adolescents, sur une dur\u00e9e limit\u00e9e, en fonction de leur \u00e2ge et de leur degr\u00e9 de maturit\u00e9.<\/li>\n<li><strong>Le projet d\u2019association est la d\u00e9marche d\u00e9mocratique construite<\/strong> et mise en \u0153uvre par les enfants et les adolescents pour mener \u00e0 bien collectivement leur projet d\u2019action. Ce projet d\u2019association permet de donner une nouvelle dimension \u00e9ducative au seul projet d\u2019enfants ou d\u2019adolescents.<\/li>\n<\/ul>\n<p>Par ATEC, les enfants et les adolescents vivent une initiative collective. <\/div><div class=\"clear\"><\/div><\/div><div class=\"iwithtext\"><div class=\"iwt-icon\"> <i class=\"icon-default-style fa fa-check accent-color\"><\/i> <\/div><div class=\"iwt-text\"> \n<h3>ATEC, une d\u00e9marche d\u2019\u00e9ducation par les pairs<\/h3>\n<p>ATEC est un cadre d\u2019\u00e9ducation au sein duquel des enfants vont vivre des pratiques \u00e9ducatives vari\u00e9es entre pairs. Ce cadre d\u2019\u00e9ducation se d\u00e9finit par :<\/p>\n<ul>\n<li>une conception politique qui affirme la capacit\u00e9 d\u2019enfants et d\u2019adolescents \u00e0 exercer leurs droits et \u00e0 r\u00e9pondre collectivement \u00e0 des besoins \u00e9ducatifs, sociaux ou culturels (les leurs ou ceux d\u2019un territoire) ;<\/li>\n<li>les valeurs qu\u2019il met en vie : la libert\u00e9, la solidarit\u00e9, l\u2019\u00e9galit\u00e9, l\u2019alt\u00e9rit\u00e9, la la\u00efcit\u00e9\u2026 ;<\/li>\n<li>son ambition \u00e9ducative : l\u2019exercice de la citoyennet\u00e9 ;<\/li>\n<li>sa forme : l\u2019association ;<\/li>\n<li>ses missions d\u2019accueil, d\u2019activit\u00e9s, d\u2019information, d\u2019orientation et de participation, pour les enfants et les adolescents, par les enfants et les adolescents ;<\/li>\n<li>sa temporalit\u00e9 limit\u00e9e.<\/li>\n<li>Les pratiques \u00e9ducatives d\u00e9velopp\u00e9es avec et par les enfants, d\u00e9pendent \u00e0 la fois du projet d\u2019action et du projet d\u2019association. Au m\u00eame titre que le projet d\u2019action, le projet d\u2019association, son \u00e9laboration et sa mise en oeuvre par les enfants constitue en soi une finalit\u00e9 \u00e9ducative.<\/li>\n<\/ul>\n <\/div><div class=\"clear\"><\/div><\/div>[divider line_type=\u00a0\u00bbNo Line\u00a0\u00bb custom_height=\u00a0\u00bb20&Prime;][\/vc_column][vc_column column_padding=\u00a0\u00bbno-extra-padding\u00a0\u00bb column_padding_position=\u00a0\u00bball\u00a0\u00bb background_color_opacity=\u00a0\u00bb1&Prime; background_hover_color_opacity=\u00a0\u00bb1&Prime; column_link_target=\u00a0\u00bb_self\u00a0\u00bb column_shadow=\u00a0\u00bbnone\u00a0\u00bb column_border_radius=\u00a0\u00bbnone\u00a0\u00bb width=\u00a0\u00bb1\/12&Prime; tablet_width_inherit=\u00a0\u00bbdefault\u00a0\u00bb tablet_text_alignment=\u00a0\u00bbdefault\u00a0\u00bb phone_text_alignment=\u00a0\u00bbdefault\u00a0\u00bb column_border_width=\u00a0\u00bbnone\u00a0\u00bb column_border_style=\u00a0\u00bbsolid\u00a0\u00bb bg_image_animation=\u00a0\u00bbnone\u00a0\u00bb][\/vc_column][vc_column column_padding=\u00a0\u00bbno-extra-padding\u00a0\u00bb column_padding_position=\u00a0\u00bball\u00a0\u00bb background_color_opacity=\u00a0\u00bb1&Prime; background_hover_color_opacity=\u00a0\u00bb1&Prime; column_link_target=\u00a0\u00bb_self\u00a0\u00bb column_shadow=\u00a0\u00bbnone\u00a0\u00bb column_border_radius=\u00a0\u00bbnone\u00a0\u00bb width=\u00a0\u00bb1\/3&Prime; tablet_width_inherit=\u00a0\u00bbdefault\u00a0\u00bb tablet_text_alignment=\u00a0\u00bbdefault\u00a0\u00bb phone_text_alignment=\u00a0\u00bbdefault\u00a0\u00bb column_border_width=\u00a0\u00bbnone\u00a0\u00bb column_border_style=\u00a0\u00bbsolid\u00a0\u00bb bg_image_animation=\u00a0\u00bbnone\u00a0\u00bb][image_with_animation image_url=\u00a0\u00bb7749&Prime; alignment=\u00a0\u00bbcenter\u00a0\u00bb animation=\u00a0\u00bbNone\u00a0\u00bb border_radius=\u00a0\u00bbnone\u00a0\u00bb box_shadow=\u00a0\u00bbnone\u00a0\u00bb max_width=\u00a0\u00bb100%\u00a0\u00bb][divider line_type=\u00a0\u00bbNo Line\u00a0\u00bb custom_height=\u00a0\u00bb50&Prime;][vc_column_text]\n<h4>Vous souhaitez soutenir un projet d&rsquo;ATEC sur votre territoire ? Contactez les Francas de votre d\u00e9partement<\/h4>\n[\/vc_column_text][nectar_btn size=\u00a0\u00bbmedium\u00a0\u00bb button_style=\u00a0\u00bbsee-through-2&Prime; hover_text_color_override=\u00a0\u00bb#ffffff\u00a0\u00bb icon_family=\u00a0\u00bbnone\u00a0\u00bb url=\u00a0\u00bb\/contact\/\u00a0\u00bb text=\u00a0\u00bbNous contacter\u00a0\u00bb][\/vc_column][\/vc_row][vc_row type=\u00a0\u00bbfull_width_background\u00a0\u00bb full_screen_row_position=\u00a0\u00bbmiddle\u00a0\u00bb bg_image=\u00a0\u00bb7608&Prime; bg_position=\u00a0\u00bbcenter center\u00a0\u00bb bg_repeat=\u00a0\u00bbno-repeat\u00a0\u00bb scene_position=\u00a0\u00bbcenter\u00a0\u00bb text_color=\u00a0\u00bblight\u00a0\u00bb text_align=\u00a0\u00bbleft\u00a0\u00bb top_padding=\u00a0\u00bb6%\u00a0\u00bb bottom_padding=\u00a0\u00bb6%\u00a0\u00bb enable_gradient=\u00a0\u00bbtrue\u00a0\u00bb color_overlay=\u00a0\u00bb#e84f13&Prime; color_overlay_2=\u00a0\u00bb#ffd500&Prime; gradient_direction=\u00a0\u00bbleft_to_right\u00a0\u00bb overlay_strength=\u00a0\u00bb0.8&Prime; enable_shape_divider=\u00a0\u00bbtrue\u00a0\u00bb shape_divider_position=\u00a0\u00bbtop\u00a0\u00bb shape_divider_height=\u00a0\u00bb70&Prime; bg_image_animation=\u00a0\u00bbnone\u00a0\u00bb parallax_bg=\u00a0\u00bbtrue\u00a0\u00bb parallax_bg_speed=\u00a0\u00bbfast\u00a0\u00bb shape_type=\u00a0\u00bbcurve_opacity\u00a0\u00bb][vc_column column_padding=\u00a0\u00bbno-extra-padding\u00a0\u00bb column_padding_position=\u00a0\u00bball\u00a0\u00bb background_color_opacity=\u00a0\u00bb1&Prime; background_hover_color_opacity=\u00a0\u00bb1&Prime; column_link_target=\u00a0\u00bb_self\u00a0\u00bb column_shadow=\u00a0\u00bbnone\u00a0\u00bb column_border_radius=\u00a0\u00bbnone\u00a0\u00bb width=\u00a0\u00bb1\/2&Prime; tablet_width_inherit=\u00a0\u00bbdefault\u00a0\u00bb tablet_text_alignment=\u00a0\u00bbdefault\u00a0\u00bb phone_text_alignment=\u00a0\u00bbdefault\u00a0\u00bb column_border_width=\u00a0\u00bbnone\u00a0\u00bb column_border_style=\u00a0\u00bbsolid\u00a0\u00bb bg_image_animation=\u00a0\u00bbnone\u00a0\u00bb][divider line_type=\u00a0\u00bbNo Line\u00a0\u00bb custom_height=\u00a0\u00bb50&Prime;][vc_column_text]\n<h1>Le centre de loisirs \u00e9ducatif<\/h1>\n<h5>Un espace structurant de l&rsquo;action \u00e9ducative locale<\/h5>\n[\/vc_column_text][divider line_type=\u00a0\u00bbNo Line\u00a0\u00bb custom_height=\u00a0\u00bb40&Prime;][nectar_btn size=\u00a0\u00bbjumbo\u00a0\u00bb button_style=\u00a0\u00bbsee-through-2&Prime; color_override=\u00a0\u00bb#ffffff\u00a0\u00bb hover_color_override=\u00a0\u00bb#ffffff\u00a0\u00bb hover_text_color_override=\u00a0\u00bb#000000&Prime; icon_family=\u00a0\u00bbnone\u00a0\u00bb url=\u00a0\u00bb\/contact\u00a0\u00bb text=\u00a0\u00bbContactez-nous\u00a0\u00bb][divider line_type=\u00a0\u00bbNo Line\u00a0\u00bb custom_height=\u00a0\u00bb20&Prime;][\/vc_column][vc_column centered_text=\u00a0\u00bbtrue\u00a0\u00bb column_padding=\u00a0\u00bbno-extra-padding\u00a0\u00bb column_padding_position=\u00a0\u00bball\u00a0\u00bb background_color_opacity=\u00a0\u00bb1&Prime; background_hover_color_opacity=\u00a0\u00bb1&Prime; column_link_target=\u00a0\u00bb_self\u00a0\u00bb column_shadow=\u00a0\u00bbnone\u00a0\u00bb column_border_radius=\u00a0\u00bbnone\u00a0\u00bb width=\u00a0\u00bb1\/2&Prime; tablet_width_inherit=\u00a0\u00bbdefault\u00a0\u00bb tablet_text_alignment=\u00a0\u00bbdefault\u00a0\u00bb phone_text_alignment=\u00a0\u00bbdefault\u00a0\u00bb column_border_width=\u00a0\u00bbnone\u00a0\u00bb column_border_style=\u00a0\u00bbsolid\u00a0\u00bb bg_image_animation=\u00a0\u00bbnone\u00a0\u00bb][vc_video link=\u00a0\u00bbhttps:\/\/www.youtube.com\/watch?v=Sz3-ao_Cn1s\u00a0\u00bb align=\u00a0\u00bbright\u00a0\u00bb][\/vc_column][\/vc_row]\n","protected":false},"excerpt":{"rendered":"<p>[vc_row type=\u00a0\u00bbfull_width_background\u00a0\u00bb full_screen_row_position=\u00a0\u00bbmiddle\u00a0\u00bb bg_image=\u00a0\u00bb7564&Prime; bg_position=\u00a0\u00bbcenter center\u00a0\u00bb bg_repeat=\u00a0\u00bbno-repeat\u00a0\u00bb scene_position=\u00a0\u00bbcenter\u00a0\u00bb text_color=\u00a0\u00bblight\u00a0\u00bb text_align=\u00a0\u00bbleft\u00a0\u00bb top_padding=\u00a0\u00bb6%\u00a0\u00bb bottom_padding=\u00a0\u00bb3%\u00a0\u00bb enable_gradient=\u00a0\u00bbtrue\u00a0\u00bb color_overlay=\u00a0\u00bb#e84f13&Prime; color_overlay_2=\u00a0\u00bb#ffd500&Prime; gradient_direction=\u00a0\u00bbleft_to_right\u00a0\u00bb overlay_strength=\u00a0\u00bb0.8&Prime; enable_shape_divider=\u00a0\u00bbtrue\u00a0\u00bb shape_divider_position=\u00a0\u00bbbottom\u00a0\u00bb shape_divider_height=\u00a0\u00bb90&Prime; bg_image_animation=\u00a0\u00bbnone\u00a0\u00bb parallax_bg=\u00a0\u00bbtrue\u00a0\u00bb parallax_bg_speed=\u00a0\u00bbfast\u00a0\u00bb shape_type=\u00a0\u00bbcurve_opacity\u00a0\u00bb][vc_column column_padding=\u00a0\u00bbpadding-5-percent\u00a0\u00bb&#8230;<\/p>\n","protected":false},"author":3,"featured_media":0,"parent":0,"menu_order":0,"comment_status":"closed","ping_status":"closed","template":"","meta":{"footnotes":""},"class_list":["post-6689","page","type-page","status-publish"],"_links":{"self":[{"href":"https:\/\/francas-paca.fr\/francas84\/wp-json\/wp\/v2\/pages\/6689","targetHints":{"allow":["GET"]}}],"collection":[{"href":"https:\/\/francas-paca.fr\/francas84\/wp-json\/wp\/v2\/pages"}],"about":[{"href":"https:\/\/francas-paca.fr\/francas84\/wp-json\/wp\/v2\/types\/page"}],"author":[{"embeddable":true,"href":"https:\/\/francas-paca.fr\/francas84\/wp-json\/wp\/v2\/users\/3"}],"replies":[{"embeddable":true,"href":"https:\/\/francas-paca.fr\/francas84\/wp-json\/wp\/v2\/comments?post=6689"}],"version-history":[{"count":0,"href":"https:\/\/francas-paca.fr\/francas84\/wp-json\/wp\/v2\/pages\/6689\/revisions"}],"wp:attachment":[{"href":"https:\/\/francas-paca.fr\/francas84\/wp-json\/wp\/v2\/media?parent=6689"}],"curies":[{"name":"wp","href":"https:\/\/api.w.org\/{rel}","templated":true}]}}