{"id":474,"date":"2020-04-13T22:56:00","date_gmt":"2020-04-13T20:56:00","guid":{"rendered":"https:\/\/francas-paca.fr\/vacancesalamaison\/?page_id=474"},"modified":"2020-04-27T17:20:56","modified_gmt":"2020-04-27T15:20:56","slug":"raconte-nous","status":"publish","type":"page","link":"https:\/\/francas-paca.fr\/vacancesalamaison\/?page_id=474","title":{"rendered":"Raconte-nous&#8230;"},"content":{"rendered":"[vc_row type=\u00a0\u00bbin_container\u00a0\u00bb full_screen_row_position=\u00a0\u00bbmiddle\u00a0\u00bb scene_position=\u00a0\u00bbcenter\u00a0\u00bb text_color=\u00a0\u00bbdark\u00a0\u00bb text_align=\u00a0\u00bbleft\u00a0\u00bb overlay_strength=\u00a0\u00bb0.3&Prime; shape_divider_position=\u00a0\u00bbbottom\u00a0\u00bb bg_image_animation=\u00a0\u00bbnone\u00a0\u00bb][vc_column column_padding=\u00a0\u00bbno-extra-padding\u00a0\u00bb column_padding_position=\u00a0\u00bball\u00a0\u00bb background_color_opacity=\u00a0\u00bb1&Prime; background_hover_color_opacity=\u00a0\u00bb1&Prime; column_link_target=\u00a0\u00bb_self\u00a0\u00bb column_shadow=\u00a0\u00bbnone\u00a0\u00bb column_border_radius=\u00a0\u00bbnone\u00a0\u00bb width=\u00a0\u00bb1\/1&Prime; tablet_width_inherit=\u00a0\u00bbdefault\u00a0\u00bb tablet_text_alignment=\u00a0\u00bbdefault\u00a0\u00bb phone_text_alignment=\u00a0\u00bbdefault\u00a0\u00bb column_border_width=\u00a0\u00bbnone\u00a0\u00bb column_border_style=\u00a0\u00bbsolid\u00a0\u00bb bg_image_animation=\u00a0\u00bbnone\u00a0\u00bb][image_with_animation image_url=\u00a0\u00bb34&Prime; alignment=\u00a0\u00bbcenter\u00a0\u00bb animation=\u00a0\u00bbFade In\u00a0\u00bb border_radius=\u00a0\u00bbnone\u00a0\u00bb box_shadow=\u00a0\u00bbnone\u00a0\u00bb max_width=\u00a0\u00bb100%\u00a0\u00bb][divider line_type=\u00a0\u00bbNo Line\u00a0\u00bb custom_height=\u00a0\u00bb30&Prime;][vc_column_text]Le confinement, c\u2019est quoi pour toi\u00a0?<\/p>\n<p>&nbsp;<\/p>\n<p>Comment vis tu ce moment tr\u00e8s particulier\u00a0?<\/p>\n<p>Qu\u2019est ce que tu aimes\u00a0? Qu\u2019est ce que tu n\u2019aimes pas pendant le confinement\u00a0?<\/p>\n<p>Comme tu le sais, depuis le 17 mars 2020, la France est entr\u00e9e en confinement pour \u00e9viter la propagation d\u2019un virus, le Covid-19. Nous vivons de ce fait des moments tr\u00e8s particuliers et exceptionnels. Nos habitudes sont chamboul\u00e9es, nos \u00e9motions peuvent se bousculer, parfois se contredire.<\/p>\n<p>Si tu souhaites t\u00e9moigner de ce que tu vis, ce que tu ressens, ce que tu penses de cette p\u00e9riode et bien tu peux le faire ici\u00a0!<\/p>\n<p>Avec des mots, un texte, un po\u00e8me, une photo, une vid\u00e9o, un enregistrement audio,\u2026 Seul.e ou en famille. Tu peux aussi demander aux personnes avec qui tu vis, de t\u2019aider pour tenir l\u2019enregistreur par exemple.<\/p>\n<p>Comment faire\u00a0?<\/p>\n<p>Tu as entre 3 et 17 ans\u00a0:<\/p>\n<p>Envoie ce que tu as fait \u00e0 cette adresse mail\u00a0: <a href=\"mailto:vacancesalamaison@francaspaca.fr\">vacancesalamaison@francaspaca.fr<\/a> et si ton fichier d\u00e9passe les 8Mo alors tu peux utiliser, par exemple, We Transfer\u00a0:\u00a0 <a href=\"https:\/\/wetransfer.com\/\">https:\/\/wetransfer.com\/<\/a><\/p>\n<p>Et si tu as des questions ou autre, tu peux me contacter \u00e0 cette adresse mail\u00a0: <a href=\"mailto:orelie.nino@gmail.com\">orelie.nino@gmail.com<\/a><\/p>\n<p>Pense \u00e0 \u00e9crire\u00a0: ton pr\u00e9nom \u2013 ton \u00e2ge \u2013 l\u2019endroit o\u00f9 tu vis \u2013 s\u2019il y a plusieurs personnes, \u00e0 les pr\u00e9senter<\/p>\n<p>Une fois ton courriel re\u00e7u, nous publierons ton t\u00e9moignage sur le site\u00a0: <a href=\"https:\/\/francas-paca.fr\/vacancesalamaison\">https:\/\/francas-paca.fr\/vacancesalamaison<\/a> et\/ou sur la page facebook : <a href=\"https:\/\/www.facebook.com\/VacancesALaMaison\/\">https:\/\/www.facebook.com\/VacancesALaMaison\/<\/a><\/p>\n<p>Tu pourras nous en envoyer plusieurs si tu le souhaite et ceci n\u2019est pas un secret alors n\u2019h\u00e9sites pas \u00e0 le dire aux copains\/copines, voisin.es, camarades, cousin.es,\u2026<\/p>\n<p>C\u2019est \u00e0 toi\u00a0!<\/p>\n<p>Et pour d\u00e9marrer, si tu en as besoin ou simplement pour t\u2019en inspirer, nous te proposons quelques exemples de questions ou de r\u00e9flexions\u00a0:<\/p>\n<p>&nbsp;<\/p>\n<p>\u00catre confiner, c\u2019est quoi pour toi ?<\/p>\n<p>Quel est l\u2019endroit o\u00f9 tu pr\u00e9f\u00e8re \u00eatre pendant cette p\u00e9riode\u00a0? Pourquoi\u00a0?<\/p>\n<p>Qu\u2019est ce qui te pla\u00eet pendant cette p\u00e9riode\u00a0? Qu\u2019est qui ne te pla\u00eet pas pendant cette p\u00e9riode\u00a0?<\/p>\n<p>Comment est-ce que tu arrive \u00e0 t\u2019\u00e9vader\u00a0un peu ? Est-ce que tu as besoin de t\u2019\u00e9vader\u00a0?<\/p>\n<p>Qu\u2019est ce que tu aimes faire\u00a0pendant le confinement ? Qu\u2019est ce que tu n\u2019aimes pas faire\u00a0pendant le confinement ?<\/p>\n<p>Quel est l\u2019objet que tu pr\u00e9f\u00e8re pendant cette p\u00e9riode\u00a0? Pourquoi\u00a0?<\/p>\n<p>Comment es tu confin\u00e9.e\u00a0?<\/p>\n<p>Avec qui es tu confin\u00e9.e\u00a0?<\/p>\n<p>Qu\u2019est ce qui te manque un peu, beaucoup, vraiment beaucoup\u00a0?<\/p>\n<p>Les vacances \u00e0 la maison, c\u2019est diff\u00e9rent de l\u2019\u00e9cole \u00e0 la maison\u00a0?<\/p>\n<p>N\u2019oublie pas tu peux le dire en dessin, en mots, en vid\u00e9o, en audio,\u2026<\/p>\n<p>Alors exprime-toi, nous te publierons\u00a0![\/vc_column_text][divider line_type=\u00a0\u00bbNo Line\u00a0\u00bb custom_height=\u00a0\u00bb20&Prime;][image_with_animation image_url=\u00a0\u00bb757&Prime; alignment=\u00a0\u00bbcenter\u00a0\u00bb animation=\u00a0\u00bbFade In\u00a0\u00bb border_radius=\u00a0\u00bbnone\u00a0\u00bb box_shadow=\u00a0\u00bbnone\u00a0\u00bb max_width=\u00a0\u00bb75%\u00a0\u00bb][divider line_type=\u00a0\u00bbNo Line\u00a0\u00bb custom_height=\u00a0\u00bb30&Prime;][nectar_blog layout=\u00a0\u00bbstd-blog-sidebar\u00a0\u00bb blog_standard_style=\u00a0\u00bbinherit\u00a0\u00bb category=\u00a0\u00bbparticipation-raconte-nous\u00a0\u00bb load_in_animation=\u00a0\u00bbnone\u00a0\u00bb order=\u00a0\u00bbDESC\u00a0\u00bb orderby=\u00a0\u00bbdate\u00a0\u00bb][\/vc_column][\/vc_row]\n","protected":false},"excerpt":{"rendered":"<p>[vc_row type=\u00a0\u00bbin_container\u00a0\u00bb full_screen_row_position=\u00a0\u00bbmiddle\u00a0\u00bb scene_position=\u00a0\u00bbcenter\u00a0\u00bb text_color=\u00a0\u00bbdark\u00a0\u00bb text_align=\u00a0\u00bbleft\u00a0\u00bb overlay_strength=\u00a0\u00bb0.3&Prime; shape_divider_position=\u00a0\u00bbbottom\u00a0\u00bb bg_image_animation=\u00a0\u00bbnone\u00a0\u00bb][vc_column column_padding=\u00a0\u00bbno-extra-padding\u00a0\u00bb column_padding_position=\u00a0\u00bball\u00a0\u00bb background_color_opacity=\u00a0\u00bb1&Prime; background_hover_color_opacity=\u00a0\u00bb1&Prime; column_link_target=\u00a0\u00bb_self\u00a0\u00bb column_shadow=\u00a0\u00bbnone\u00a0\u00bb column_border_radius=\u00a0\u00bbnone\u00a0\u00bb width=\u00a0\u00bb1\/1&Prime; tablet_width_inherit=\u00a0\u00bbdefault\u00a0\u00bb tablet_text_alignment=\u00a0\u00bbdefault\u00a0\u00bb phone_text_alignment=\u00a0\u00bbdefault\u00a0\u00bb column_border_width=\u00a0\u00bbnone\u00a0\u00bb column_border_style=\u00a0\u00bbsolid\u00a0\u00bb bg_image_animation=\u00a0\u00bbnone\u00a0\u00bb][image_with_animation image_url=\u00a0\u00bb34&Prime; alignment=\u00a0\u00bbcenter\u00a0\u00bb&#8230;<\/p>\n","protected":false},"author":3,"featured_media":476,"parent":0,"menu_order":0,"comment_status":"closed","ping_status":"closed","template":"","meta":{"footnotes":""},"class_list":["post-474","page","type-page","status-publish","has-post-thumbnail"],"_links":{"self":[{"href":"https:\/\/francas-paca.fr\/vacancesalamaison\/index.php?rest_route=\/wp\/v2\/pages\/474","targetHints":{"allow":["GET"]}}],"collection":[{"href":"https:\/\/francas-paca.fr\/vacancesalamaison\/index.php?rest_route=\/wp\/v2\/pages"}],"about":[{"href":"https:\/\/francas-paca.fr\/vacancesalamaison\/index.php?rest_route=\/wp\/v2\/types\/page"}],"author":[{"embeddable":true,"href":"https:\/\/francas-paca.fr\/vacancesalamaison\/index.php?rest_route=\/wp\/v2\/users\/3"}],"replies":[{"embeddable":true,"href":"https:\/\/francas-paca.fr\/vacancesalamaison\/index.php?rest_route=%2Fwp%2Fv2%2Fcomments&post=474"}],"version-history":[{"count":0,"href":"https:\/\/francas-paca.fr\/vacancesalamaison\/index.php?rest_route=\/wp\/v2\/pages\/474\/revisions"}],"wp:featuredmedia":[{"embeddable":true,"href":"https:\/\/francas-paca.fr\/vacancesalamaison\/index.php?rest_route=\/wp\/v2\/media\/476"}],"wp:attachment":[{"href":"https:\/\/francas-paca.fr\/vacancesalamaison\/index.php?rest_route=%2Fwp%2Fv2%2Fmedia&parent=474"}],"curies":[{"name":"wp","href":"https:\/\/api.w.org\/{rel}","templated":true}]}}